{"id":721,"date":"2024-12-14T09:48:12","date_gmt":"2024-12-14T09:48:12","guid":{"rendered":"https:\/\/www.asociaciongospel.com\/?post_type=gira&#038;p=721"},"modified":"2025-02-04T14:07:12","modified_gmt":"2025-02-04T14:07:12","slug":"gira-invierno-2022","status":"publish","type":"gira","link":"https:\/\/www.asociaciongospel.com\/index.php\/gira\/gira-invierno-2022\/","title":{"rendered":"Gira invierno 2022"},"content":{"rendered":"\t\t<div data-elementor-type=\"wp-post\" data-elementor-id=\"721\" class=\"elementor elementor-721\" data-elementor-post-type=\"gira\">\n\t\t\t\t<div class=\"elementor-element elementor-element-6d6e7f6 e-flex e-con-boxed e-con e-parent\" data-id=\"6d6e7f6\" data-element_type=\"container\" data-e-type=\"container\">\n\t\t\t\t\t<div class=\"e-con-inner\">\n\t\t\t\t<div class=\"elementor-element elementor-element-515c05d elementor-widget elementor-widget-heading\" data-id=\"515c05d\" data-element_type=\"widget\" data-e-type=\"widget\" data-widget_type=\"heading.default\">\n\t\t\t\t<div class=\"elementor-widget-container\">\n\t\t\t\t\t<h1 class=\"elementor-heading-title elementor-size-default\">Gira invierno 2022<\/h1>\t\t\t\t<\/div>\n\t\t\t\t<\/div>\n\t\t\t\t<div class=\"elementor-element elementor-element-0691207 elementor-widget elementor-widget-image\" data-id=\"0691207\" data-element_type=\"widget\" data-e-type=\"widget\" data-widget_type=\"image.default\">\n\t\t\t\t<div class=\"elementor-widget-container\">\n\t\t\t\t\t\t\t\t\t\t\t\t\t\t\t<img decoding=\"async\" width=\"168\" height=\"246\" data-src=\"https:\/\/www.asociaciongospel.com\/wp-content\/uploads\/2024\/12\/Miniatura.jpg\" class=\"attachment-large size-large wp-image-823 lazyload\" alt=\"\" src=\"data:image\/svg+xml;base64,PHN2ZyB3aWR0aD0iMSIgaGVpZ2h0PSIxIiB4bWxucz0iaHR0cDovL3d3dy53My5vcmcvMjAwMC9zdmciPjwvc3ZnPg==\" style=\"--smush-placeholder-width: 168px; --smush-placeholder-aspect-ratio: 168\/246;\" \/>\t\t\t\t\t\t\t\t\t\t\t\t\t\t\t<\/div>\n\t\t\t\t<\/div>\n\t\t\t\t<div class=\"elementor-element elementor-element-7afc1c5 elementor-widget elementor-widget-text-editor\" data-id=\"7afc1c5\" data-element_type=\"widget\" data-e-type=\"widget\" data-widget_type=\"text-editor.default\">\n\t\t\t\t<div class=\"elementor-widget-container\">\n\t\t\t\t\t\t\t\t\t<p>Gira de invierno de 2022<\/p>\t\t\t\t\t\t\t\t<\/div>\n\t\t\t\t<\/div>\n\t\t<div class=\"elementor-element elementor-element-c49edf1 e-con-full e-flex e-con e-child\" data-id=\"c49edf1\" data-element_type=\"container\" data-e-type=\"container\">\n\t\t\t\t<div class=\"elementor-element elementor-element-fdb9ca1 elementor-widget elementor-widget-heading\" data-id=\"fdb9ca1\" data-element_type=\"widget\" data-e-type=\"widget\" data-widget_type=\"heading.default\">\n\t\t\t\t<div class=\"elementor-widget-container\">\n\t\t\t\t\t<h2 class=\"elementor-heading-title elementor-size-default\">Conciertos de la gira<\/h2>\t\t\t\t<\/div>\n\t\t\t\t<\/div>\n\t\t<div class=\"elementor-element elementor-element-a0e2913 e-con-full e-flex e-con e-child\" data-id=\"a0e2913\" data-element_type=\"container\" data-e-type=\"container\">\n\t\t\t\t<\/div>\n\t\t<div class=\"elementor-element elementor-element-a854afe e-con-full e-flex e-con e-child\" data-id=\"a854afe\" data-element_type=\"container\" data-e-type=\"container\">\n\t\t<div class=\"elementor-element elementor-element-d9da87a e-con-full e-flex e-con e-child\" data-id=\"d9da87a\" data-element_type=\"container\" data-e-type=\"container\">\n\t\t\t\t<div class=\"elementor-element elementor-element-c5b2096 elementor-widget elementor-widget-heading\" data-id=\"c5b2096\" data-element_type=\"widget\" data-e-type=\"widget\" data-widget_type=\"heading.default\">\n\t\t\t\t<div class=\"elementor-widget-container\">\n\t\t\t\t\t<h2 class=\"elementor-heading-title elementor-size-default\">Pamplona<\/h2>\t\t\t\t<\/div>\n\t\t\t\t<\/div>\n\t\t\t\t<div class=\"elementor-element elementor-element-715e96d elementor-widget elementor-widget-image\" data-id=\"715e96d\" data-element_type=\"widget\" data-e-type=\"widget\" data-widget_type=\"image.default\">\n\t\t\t\t<div class=\"elementor-widget-container\">\n\t\t\t\t\t\t\t\t\t\t\t\t\t\t\t<img decoding=\"async\" width=\"168\" height=\"246\" data-src=\"https:\/\/www.asociaciongospel.com\/wp-content\/uploads\/2024\/12\/Miniatura.jpg\" class=\"attachment-large size-large wp-image-823 lazyload\" alt=\"\" src=\"data:image\/svg+xml;base64,PHN2ZyB3aWR0aD0iMSIgaGVpZ2h0PSIxIiB4bWxucz0iaHR0cDovL3d3dy53My5vcmcvMjAwMC9zdmciPjwvc3ZnPg==\" style=\"--smush-placeholder-width: 168px; --smush-placeholder-aspect-ratio: 168\/246;\" \/>\t\t\t\t\t\t\t\t\t\t\t\t\t\t\t<\/div>\n\t\t\t\t<\/div>\n\t\t\t\t<div class=\"elementor-element elementor-element-d360aec elementor-widget elementor-widget-text-editor\" data-id=\"d360aec\" data-element_type=\"widget\" data-e-type=\"widget\" data-widget_type=\"text-editor.default\">\n\t\t\t\t<div class=\"elementor-widget-container\">\n\t\t\t\t\t\t\t\t\t<p>Concierto Navide\u00f1o al aire libre en el Paseo Sarasate, en el centro de Pamplona.<\/p>\t\t\t\t\t\t\t\t<\/div>\n\t\t\t\t<\/div>\n\t\t\t\t<div class=\"elementor-element elementor-element-83e60e4 elementor-widget elementor-widget-button\" data-id=\"83e60e4\" data-element_type=\"widget\" data-e-type=\"widget\" data-widget_type=\"button.default\">\n\t\t\t\t<div class=\"elementor-widget-container\">\n\t\t\t\t\t\t\t\t\t<div class=\"elementor-button-wrapper\">\n\t\t\t\t\t<a class=\"elementor-button elementor-button-link elementor-size-sm\" href=\"https:\/\/www.asociaciongospel.com\/index.php\/concierto\/gira-navidad-2022-pamplona\/\">\n\t\t\t\t\t\t<span class=\"elementor-button-content-wrapper\">\n\t\t\t\t\t\t\t\t\t<span class=\"elementor-button-text\">Ver detalles<\/span>\n\t\t\t\t\t<\/span>\n\t\t\t\t\t<\/a>\n\t\t\t\t<\/div>\n\t\t\t\t\t\t\t\t<\/div>\n\t\t\t\t<\/div>\n\t\t\t\t<\/div>\n\t\t<div class=\"elementor-element elementor-element-14827e8 e-con-full e-flex e-con e-child\" data-id=\"14827e8\" data-element_type=\"container\" data-e-type=\"container\">\n\t\t\t\t<div class=\"elementor-element elementor-element-dc3cba9 elementor-widget elementor-widget-heading\" data-id=\"dc3cba9\" data-element_type=\"widget\" data-e-type=\"widget\" data-widget_type=\"heading.default\">\n\t\t\t\t<div class=\"elementor-widget-container\">\n\t\t\t\t\t<h2 class=\"elementor-heading-title elementor-size-default\">Cintru\u00e9nigo<\/h2>\t\t\t\t<\/div>\n\t\t\t\t<\/div>\n\t\t\t\t<div class=\"elementor-element elementor-element-40cd9d1 elementor-widget elementor-widget-image\" data-id=\"40cd9d1\" data-element_type=\"widget\" data-e-type=\"widget\" data-widget_type=\"image.default\">\n\t\t\t\t<div class=\"elementor-widget-container\">\n\t\t\t\t\t\t\t\t\t\t\t\t\t\t\t<img decoding=\"async\" width=\"168\" height=\"246\" data-src=\"https:\/\/www.asociaciongospel.com\/wp-content\/uploads\/2024\/12\/Miniatura20CintruC3A9nigo.jpg\" class=\"attachment-large size-large wp-image-835 lazyload\" alt=\"\" src=\"data:image\/svg+xml;base64,PHN2ZyB3aWR0aD0iMSIgaGVpZ2h0PSIxIiB4bWxucz0iaHR0cDovL3d3dy53My5vcmcvMjAwMC9zdmciPjwvc3ZnPg==\" style=\"--smush-placeholder-width: 168px; --smush-placeholder-aspect-ratio: 168\/246;\" \/>\t\t\t\t\t\t\t\t\t\t\t\t\t\t\t<\/div>\n\t\t\t\t<\/div>\n\t\t\t\t<div class=\"elementor-element elementor-element-26901d7 elementor-widget elementor-widget-text-editor\" data-id=\"26901d7\" data-element_type=\"widget\" data-e-type=\"widget\" data-widget_type=\"text-editor.default\">\n\t\t\t\t<div class=\"elementor-widget-container\">\n\t\t\t\t\t\t\t\t\t<p>Concierto Navide\u00f1o del Coro Cada D\u00eda en Su Presencia desde el Centro de Artes Avenida de Cintru\u00e9nigo.<\/p>\t\t\t\t\t\t\t\t<\/div>\n\t\t\t\t<\/div>\n\t\t\t\t<div class=\"elementor-element elementor-element-859269c elementor-widget elementor-widget-button\" data-id=\"859269c\" data-element_type=\"widget\" data-e-type=\"widget\" data-widget_type=\"button.default\">\n\t\t\t\t<div class=\"elementor-widget-container\">\n\t\t\t\t\t\t\t\t\t<div class=\"elementor-button-wrapper\">\n\t\t\t\t\t<a class=\"elementor-button elementor-button-link elementor-size-sm\" href=\"https:\/\/www.asociaciongospel.com\/index.php\/concierto\/gira-navidad-2022-cintruenigo-2\/\">\n\t\t\t\t\t\t<span class=\"elementor-button-content-wrapper\">\n\t\t\t\t\t\t\t\t\t<span class=\"elementor-button-text\">Ver detalles<\/span>\n\t\t\t\t\t<\/span>\n\t\t\t\t\t<\/a>\n\t\t\t\t<\/div>\n\t\t\t\t\t\t\t\t<\/div>\n\t\t\t\t<\/div>\n\t\t\t\t<\/div>\n\t\t\t\t<\/div>\n\t\t\t\t<\/div>\n\t\t\t\t\t<\/div>\n\t\t\t\t<\/div>\n\t\t\t\t<\/div>\n\t\t","protected":false},"template":"","grupodegira":[],"class_list":["post-721","gira","type-gira","status-publish","hentry"],"_links":{"self":[{"href":"https:\/\/www.asociaciongospel.com\/index.php\/wp-json\/wp\/v2\/gira\/721","targetHints":{"allow":["GET"]}}],"collection":[{"href":"https:\/\/www.asociaciongospel.com\/index.php\/wp-json\/wp\/v2\/gira"}],"about":[{"href":"https:\/\/www.asociaciongospel.com\/index.php\/wp-json\/wp\/v2\/types\/gira"}],"version-history":[{"count":6,"href":"https:\/\/www.asociaciongospel.com\/index.php\/wp-json\/wp\/v2\/gira\/721\/revisions"}],"predecessor-version":[{"id":1275,"href":"https:\/\/www.asociaciongospel.com\/index.php\/wp-json\/wp\/v2\/gira\/721\/revisions\/1275"}],"wp:attachment":[{"href":"https:\/\/www.asociaciongospel.com\/index.php\/wp-json\/wp\/v2\/media?parent=721"}],"wp:term":[{"taxonomy":"grupodegira","embeddable":true,"href":"https:\/\/www.asociaciongospel.com\/index.php\/wp-json\/wp\/v2\/grupodegira?post=721"}],"curies":[{"name":"wp","href":"https:\/\/api.w.org\/{rel}","templated":true}]}}